{"id":478,"date":"2011-01-10T20:41:54","date_gmt":"2011-01-10T18:41:54","guid":{"rendered":"http:\/\/www.wolfgang-barina.de\/bdh\/?page_id=478"},"modified":"2024-06-08T07:55:41","modified_gmt":"2024-06-08T05:55:41","slug":"kunst","status":"publish","type":"page","link":"https:\/\/www.wolfgang-barina.de\/bdh\/?page_id=478","title":{"rendered":"Bildende Kunst"},"content":{"rendered":"<p><strong>Museen, Galerien, Ausstellungr\u00e4ume, Vortr\u00e4ge, Ausbildung<\/strong><\/p>\n<ul>\n<li><a href=\"http:\/\/www.ausstellungshalle.info\/\" target=\"_blank\" rel=\"noopener noreferrer\">Ausstellunghalle Schulstra\u00dfe 1a<\/a><\/li>\n<li><a href=\"http:\/\/www.caricatura-museum.de\/\" target=\"_blank\" rel=\"noopener noreferrer\">Caricatura Museum Frankfurt<\/a><\/li>\n<li><a href=\"http:\/\/www.cellini-gesellschaft.de\/\" target=\"_blank\" rel=\"noopener noreferrer\">Cellini-Gesellschaft<\/a><\/li>\n<li><a href=\"http:\/\/www.denkbar-frankfurt.de\/\" target=\"_blank\" rel=\"noopener noreferrer\">Denkbar Frankfurt<\/a><\/li>\n<li><a href=\"http:\/\/www.freie-kunstakademie-frankfurt.de\/\" target=\"_blank\" rel=\"noopener noreferrer\">Freie Kunstakademie Frankfurt<\/a><\/li>\n<li><a href=\"http:\/\/www.rma.de\/kultur\/buehnen\/eschborn-k.htm\" target=\"_blank\" rel=\"noopener noreferrer\">Eschborn K<\/a>\u00a0(Eschborn)<\/li>\n<li>Ausstellungsraum\u00a0<a href=\"http:\/\/www.eulengasse.de\/\" target=\"_blank\" rel=\"noopener noreferrer\">EULENGASSE<\/a><\/li>\n<li><a href=\"http:\/\/www.roemer9.de\/\" target=\"_blank\" rel=\"noopener noreferrer\">Evangelische Stadtakademie Frankfurt (R\u00f6mer9)<\/a><\/li>\n<li><a href=\"http:\/\/www.galerie-zement.de\/\" target=\"_blank\" rel=\"noopener noreferrer\">Galerie Zement<\/a><\/li>\n<li><a href=\"http:\/\/www.gallustheater.de\/\" target=\"_blank\" rel=\"noopener noreferrer\">Gallus-Theater<\/a><\/li>\n<li><a href=\"http:\/\/www.museum-giersch.de\/\" target=\"_blank\" rel=\"noopener noreferrer\">Haus Giersch &#8211; Museum Regionaler Kunst<\/a><\/li>\n<li><a href=\"http:\/\/www.hugenottenhalle.de\/\" target=\"_blank\" rel=\"noopener noreferrer\">Hugenottenhalle<\/a> (Neu-Isenburg)<\/li>\n<li><a href=\"http:\/\/www.juedischesmuseum.de\/\" target=\"_blank\" rel=\"noopener noreferrer\">J\u00fcdisches Museum<\/a><\/li>\n<li><a href=\"http:\/\/www.klosterpresse.de\/\" target=\"_blank\" rel=\"noopener noreferrer\">Klosterpresse e.V.<\/a><\/li>\n<li><a href=\"http:\/\/www.kunst.uni-frankfurt.de\/\" target=\"_blank\" rel=\"noopener noreferrer\">Kunstgeschichtliches Institut\u00a0 Frankfurt\/Main<\/a><\/li>\n<li><a href=\"http:\/\/www.kunstkontakt-frankfurt.de\/\" target=\"_blank\" rel=\"noopener noreferrer\">kunstkontakt\u00a0 frankfurt<\/a>\u00a0(&#8230;begleitet Sie zur Kunst und Kultur&#8230;)<\/li>\n<li><a href=\"http:\/\/www.etoile-frankfurt.de\/kunst-im-bahnhof.html\" target=\"_blank\" rel=\"noopener noreferrer\">Kunstraum Bahnhof Mainkur<\/a><\/li>\n<li><a href=\"http:\/\/www.mdw.frankfurt.de\/\" target=\"_blank\" rel=\"noopener noreferrer\">Museum der Weltkulturen\/Galerie 37<\/a><\/li>\n<li><a href=\"http:\/\/www.mmk-frankfurt.de\/\" target=\"_blank\" rel=\"noopener noreferrer\">Museum f\u00fcr Moderne Kunst<\/a><\/li>\n<li><a href=\"http:\/\/www.frankfurter-kuenstlerclub.de\/veranstaltungen.html\" target=\"_blank\" rel=\"noopener noreferrer\">Nebbien&#8217;sches Gartenhaus<\/a><\/li>\n<li><a href=\"http:\/\/www.opelvillen.de\/\" target=\"_blank\" rel=\"noopener noreferrer\">Opelvillen<\/a> (R\u00fcsselsheim)<\/li>\n<li><a href=\"http:\/\/www.projekthaus-leistikow.de\/\" target=\"_blank\" rel=\"noopener noreferrer\">projektHaus Leistikow<\/a><\/li>\n<li><a href=\"http:\/\/www.portikus.de\/\" target=\"_blank\" rel=\"noopener noreferrer\">Portikus<\/a><\/li>\n<li><a href=\"http:\/\/www.schirn-kunsthalle.de\/\" target=\"_blank\" rel=\"noopener noreferrer\">Schirn Kunsthalle<\/a><\/li>\n<li><a href=\"http:\/\/www.staedelmuseum.de\/\" target=\"_blank\" rel=\"noopener noreferrer\">St\u00e4del<\/a><\/li>\n<\/ul>\n<p>Weitere <a href=\"http:\/\/www.kultur-frankfurt.de\/portal\/de\/Museen\/Start\/0\/0\/0\/0\/3.aspx\" target=\"_blank\" rel=\"noopener noreferrer\">Museen<\/a> in Fankfurt<\/p>\n","protected":false},"excerpt":{"rendered":"<p>Museen, Galerien, Ausstellungr\u00e4ume, Vortr\u00e4ge, Ausbildung Ausstellunghalle Schulstra\u00dfe 1a Caricatura Museum Frankfurt Cellini-Gesellschaft Denkbar Frankfurt Freie Kunstakademie Frankfurt Eschborn K\u00a0(Eschborn) Ausstellungsraum\u00a0EULENGASSE Evangelische Stadtakademie Frankfurt (R\u00f6mer9) Galerie Zement Gallus-Theater Haus Giersch &#8211; Museum Regionaler Kunst Hugenottenhalle (Neu-Isenburg) <a class=\"more-link\" href=\"https:\/\/www.wolfgang-barina.de\/bdh\/?page_id=478\">weiterlesen&#8230;<\/a><\/p>\n","protected":false},"author":3,"featured_media":0,"parent":451,"menu_order":2,"comment_status":"closed","ping_status":"closed","template":"","meta":{"footnotes":""},"categories":[],"tags":[],"class_list":["post-478","page","type-page","status-publish","hentry"],"aioseo_notices":[],"aioseo_head":"\n\t\t<!-- All in One SEO 5.0.0.1 - aioseo.com -->\n\t<meta name=\"description\" content=\"Museen, Galerien, Ausstellungr\u00e4ume, Vortr\u00e4ge, Ausbildung Ausstellunghalle Schulstra\u00dfe 1a Caricatura Museum Frankfurt Cellini-Gesellschaft Denkbar Frankfurt Freie Kunstakademie Frankfurt Eschborn K (Eschborn) Ausstellungsraum EULENGASSE Evangelische Stadtakademie Frankfurt (R\u00f6mer9) Galerie Zement Gallus-Theater Haus Giersch - Museum Regionaler Kunst Hugenottenhalle (Neu-Isenburg) J\u00fcdisches Museum Klosterpresse e.V. Kunstgeschichtliches Institut Frankfurt\/Main kunstkontakt frankfurt (...begleitet Sie zur Kunst und Kultur...) Kunstraum Bahnhof Mainkur Museum der Weltkulturen\/Galerie\" \/>\n\t<meta name=\"robots\" content=\"max-image-preview:large\" \/>\n\t<link rel=\"canonical\" href=\"https:\/\/www.wolfgang-barina.de\/bdh\/?page_id=478\" \/>\n\t<meta name=\"generator\" content=\"All in One SEO (AIOSEO) 5.0.0.1\" \/>\n\t\t<meta property=\"og:locale\" content=\"de_DE\" \/>\n\t\t<meta property=\"og:site_name\" content=\"Wolfgang Barina - Frankfurt\" \/>\n\t\t<meta property=\"og:type\" content=\"article\" \/>\n\t\t<meta property=\"og:title\" content=\"Bildende Kunst - Wolfgang Barina\" \/>\n\t\t<meta property=\"og:description\" content=\"Museen, Galerien, Ausstellungr\u00e4ume, Vortr\u00e4ge, Ausbildung Ausstellunghalle Schulstra\u00dfe 1a Caricatura Museum Frankfurt Cellini-Gesellschaft Denkbar Frankfurt Freie Kunstakademie Frankfurt Eschborn K (Eschborn) Ausstellungsraum EULENGASSE Evangelische Stadtakademie Frankfurt (R\u00f6mer9) Galerie Zement Gallus-Theater Haus Giersch - Museum Regionaler Kunst Hugenottenhalle (Neu-Isenburg) J\u00fcdisches Museum Klosterpresse e.V. Kunstgeschichtliches Institut Frankfurt\/Main kunstkontakt frankfurt (...begleitet Sie zur Kunst und Kultur...) Kunstraum Bahnhof Mainkur Museum der Weltkulturen\/Galerie\" \/>\n\t\t<meta property=\"og:url\" content=\"https:\/\/www.wolfgang-barina.de\/bdh\/?page_id=478\" \/>\n\t\t<meta property=\"article:published_time\" content=\"2011-01-10T18:41:54+00:00\" \/>\n\t\t<meta property=\"article:modified_time\" content=\"2024-06-08T05:55:41+00:00\" \/>\n\t\t<meta name=\"twitter:card\" content=\"summary_large_image\" \/>\n\t\t<meta name=\"twitter:title\" content=\"Bildende Kunst - Wolfgang Barina\" \/>\n\t\t<meta name=\"twitter:description\" content=\"Museen, Galerien, Ausstellungr\u00e4ume, Vortr\u00e4ge, Ausbildung Ausstellunghalle Schulstra\u00dfe 1a Caricatura Museum Frankfurt Cellini-Gesellschaft Denkbar Frankfurt Freie Kunstakademie Frankfurt Eschborn K (Eschborn) Ausstellungsraum EULENGASSE Evangelische Stadtakademie Frankfurt (R\u00f6mer9) Galerie Zement Gallus-Theater Haus Giersch - Museum Regionaler Kunst Hugenottenhalle (Neu-Isenburg) J\u00fcdisches Museum Klosterpresse e.V. Kunstgeschichtliches Institut Frankfurt\/Main kunstkontakt frankfurt (...begleitet Sie zur Kunst und Kultur...) Kunstraum Bahnhof Mainkur Museum der Weltkulturen\/Galerie\" \/>\n\t\t<script type=\"application\/ld+json\" class=\"aioseo-schema\">\n\t\t\t{\"@context\":\"https:\\\/\\\/schema.org\",\"@graph\":[{\"@type\":\"BreadcrumbList\",\"@id\":\"https:\\\/\\\/www.wolfgang-barina.de\\\/bdh\\\/?page_id=478#breadcrumblist\",\"itemListElement\":[{\"@type\":\"ListItem\",\"@id\":\"https:\\\/\\\/www.wolfgang-barina.de\\\/bdh#listItem\",\"position\":1,\"name\":\"Zu Hause\",\"item\":\"https:\\\/\\\/www.wolfgang-barina.de\\\/bdh\",\"nextItem\":{\"@type\":\"ListItem\",\"@id\":\"https:\\\/\\\/www.wolfgang-barina.de\\\/bdh\\\/?page_id=451#listItem\",\"name\":\"Links\"}},{\"@type\":\"ListItem\",\"@id\":\"https:\\\/\\\/www.wolfgang-barina.de\\\/bdh\\\/?page_id=451#listItem\",\"position\":2,\"name\":\"Links\",\"item\":\"https:\\\/\\\/www.wolfgang-barina.de\\\/bdh\\\/?page_id=451\",\"nextItem\":{\"@type\":\"ListItem\",\"@id\":\"https:\\\/\\\/www.wolfgang-barina.de\\\/bdh\\\/?page_id=478#listItem\",\"name\":\"Bildende Kunst\"},\"previousItem\":{\"@type\":\"ListItem\",\"@id\":\"https:\\\/\\\/www.wolfgang-barina.de\\\/bdh#listItem\",\"name\":\"Zu Hause\"}},{\"@type\":\"ListItem\",\"@id\":\"https:\\\/\\\/www.wolfgang-barina.de\\\/bdh\\\/?page_id=478#listItem\",\"position\":3,\"name\":\"Bildende Kunst\",\"previousItem\":{\"@type\":\"ListItem\",\"@id\":\"https:\\\/\\\/www.wolfgang-barina.de\\\/bdh\\\/?page_id=451#listItem\",\"name\":\"Links\"}}]},{\"@type\":\"Person\",\"@id\":\"https:\\\/\\\/www.wolfgang-barina.de\\\/bdh\\\/#person\",\"name\":\"Wolfgang Barina\"},{\"@type\":\"WebPage\",\"@id\":\"https:\\\/\\\/www.wolfgang-barina.de\\\/bdh\\\/?page_id=478#webpage\",\"url\":\"https:\\\/\\\/www.wolfgang-barina.de\\\/bdh\\\/?page_id=478\",\"name\":\"Bildende Kunst - Wolfgang Barina\",\"description\":\"Museen, Galerien, Ausstellungr\\u00e4ume, Vortr\\u00e4ge, Ausbildung Ausstellunghalle Schulstra\\u00dfe 1a Caricatura Museum Frankfurt Cellini-Gesellschaft Denkbar Frankfurt Freie Kunstakademie Frankfurt Eschborn K (Eschborn) Ausstellungsraum EULENGASSE Evangelische Stadtakademie Frankfurt (R\\u00f6mer9) Galerie Zement Gallus-Theater Haus Giersch - Museum Regionaler Kunst Hugenottenhalle (Neu-Isenburg) J\\u00fcdisches Museum Klosterpresse e.V. Kunstgeschichtliches Institut Frankfurt\\\/Main kunstkontakt frankfurt (...begleitet Sie zur Kunst und Kultur...) Kunstraum Bahnhof Mainkur Museum der Weltkulturen\\\/Galerie\",\"inLanguage\":\"de-DE\",\"isPartOf\":{\"@id\":\"https:\\\/\\\/www.wolfgang-barina.de\\\/bdh\\\/#website\"},\"breadcrumb\":{\"@id\":\"https:\\\/\\\/www.wolfgang-barina.de\\\/bdh\\\/?page_id=478#breadcrumblist\"},\"datePublished\":\"2011-01-10T20:41:54+02:00\",\"dateModified\":\"2024-06-08T07:55:41+02:00\"},{\"@type\":\"WebSite\",\"@id\":\"https:\\\/\\\/www.wolfgang-barina.de\\\/bdh\\\/#website\",\"url\":\"https:\\\/\\\/www.wolfgang-barina.de\\\/bdh\\\/\",\"name\":\"Wolfgang Barina\",\"description\":\"Frankfurt\",\"inLanguage\":\"de-DE\",\"publisher\":{\"@id\":\"https:\\\/\\\/www.wolfgang-barina.de\\\/bdh\\\/#person\"}}]}\n\t\t<\/script>\n\t\t<!-- All in One SEO -->\n\n","aioseo_head_json":{"title":"Bildende Kunst - Wolfgang Barina","description":"Museen, Galerien, Ausstellungr\u00e4ume, Vortr\u00e4ge, Ausbildung Ausstellunghalle Schulstra\u00dfe 1a Caricatura Museum Frankfurt Cellini-Gesellschaft Denkbar Frankfurt Freie Kunstakademie Frankfurt Eschborn K (Eschborn) Ausstellungsraum EULENGASSE Evangelische Stadtakademie Frankfurt (R\u00f6mer9) Galerie Zement Gallus-Theater Haus Giersch - Museum Regionaler Kunst Hugenottenhalle (Neu-Isenburg) J\u00fcdisches Museum Klosterpresse e.V. Kunstgeschichtliches Institut Frankfurt\/Main kunstkontakt frankfurt (...begleitet Sie zur Kunst und Kultur...) Kunstraum Bahnhof Mainkur Museum der Weltkulturen\/Galerie","canonical_url":"https:\/\/www.wolfgang-barina.de\/bdh\/?page_id=478","robots":"max-image-preview:large","keywords":"","webmasterTools":{"miscellaneous":""},"schema":{"@context":"https:\/\/schema.org","@graph":[{"@type":"BreadcrumbList","@id":"https:\/\/www.wolfgang-barina.de\/bdh\/?page_id=478#breadcrumblist","itemListElement":[{"@type":"ListItem","@id":"https:\/\/www.wolfgang-barina.de\/bdh#listItem","position":1,"name":"Zu Hause","item":"https:\/\/www.wolfgang-barina.de\/bdh","nextItem":{"@type":"ListItem","@id":"https:\/\/www.wolfgang-barina.de\/bdh\/?page_id=451#listItem","name":"Links"}},{"@type":"ListItem","@id":"https:\/\/www.wolfgang-barina.de\/bdh\/?page_id=451#listItem","position":2,"name":"Links","item":"https:\/\/www.wolfgang-barina.de\/bdh\/?page_id=451","nextItem":{"@type":"ListItem","@id":"https:\/\/www.wolfgang-barina.de\/bdh\/?page_id=478#listItem","name":"Bildende Kunst"},"previousItem":{"@type":"ListItem","@id":"https:\/\/www.wolfgang-barina.de\/bdh#listItem","name":"Zu Hause"}},{"@type":"ListItem","@id":"https:\/\/www.wolfgang-barina.de\/bdh\/?page_id=478#listItem","position":3,"name":"Bildende Kunst","previousItem":{"@type":"ListItem","@id":"https:\/\/www.wolfgang-barina.de\/bdh\/?page_id=451#listItem","name":"Links"}}]},{"@type":"Person","@id":"https:\/\/www.wolfgang-barina.de\/bdh\/#person","name":"Wolfgang Barina"},{"@type":"WebPage","@id":"https:\/\/www.wolfgang-barina.de\/bdh\/?page_id=478#webpage","url":"https:\/\/www.wolfgang-barina.de\/bdh\/?page_id=478","name":"Bildende Kunst - Wolfgang Barina","description":"Museen, Galerien, Ausstellungr\u00e4ume, Vortr\u00e4ge, Ausbildung Ausstellunghalle Schulstra\u00dfe 1a Caricatura Museum Frankfurt Cellini-Gesellschaft Denkbar Frankfurt Freie Kunstakademie Frankfurt Eschborn K (Eschborn) Ausstellungsraum EULENGASSE Evangelische Stadtakademie Frankfurt (R\u00f6mer9) Galerie Zement Gallus-Theater Haus Giersch - Museum Regionaler Kunst Hugenottenhalle (Neu-Isenburg) J\u00fcdisches Museum Klosterpresse e.V. Kunstgeschichtliches Institut Frankfurt\/Main kunstkontakt frankfurt (...begleitet Sie zur Kunst und Kultur...) Kunstraum Bahnhof Mainkur Museum der Weltkulturen\/Galerie","inLanguage":"de-DE","isPartOf":{"@id":"https:\/\/www.wolfgang-barina.de\/bdh\/#website"},"breadcrumb":{"@id":"https:\/\/www.wolfgang-barina.de\/bdh\/?page_id=478#breadcrumblist"},"datePublished":"2011-01-10T20:41:54+02:00","dateModified":"2024-06-08T07:55:41+02:00"},{"@type":"WebSite","@id":"https:\/\/www.wolfgang-barina.de\/bdh\/#website","url":"https:\/\/www.wolfgang-barina.de\/bdh\/","name":"Wolfgang Barina","description":"Frankfurt","inLanguage":"de-DE","publisher":{"@id":"https:\/\/www.wolfgang-barina.de\/bdh\/#person"}}]},"og:locale":"de_DE","og:site_name":"Wolfgang Barina - Frankfurt","og:type":"article","og:title":"Bildende Kunst - Wolfgang Barina","og:description":"Museen, Galerien, Ausstellungr\u00e4ume, Vortr\u00e4ge, Ausbildung Ausstellunghalle Schulstra\u00dfe 1a Caricatura Museum Frankfurt Cellini-Gesellschaft Denkbar Frankfurt Freie Kunstakademie Frankfurt Eschborn K (Eschborn) Ausstellungsraum EULENGASSE Evangelische Stadtakademie Frankfurt (R\u00f6mer9) Galerie Zement Gallus-Theater Haus Giersch - Museum Regionaler Kunst Hugenottenhalle (Neu-Isenburg) J\u00fcdisches Museum Klosterpresse e.V. Kunstgeschichtliches Institut Frankfurt\/Main kunstkontakt frankfurt (...begleitet Sie zur Kunst und Kultur...) Kunstraum Bahnhof Mainkur Museum der Weltkulturen\/Galerie","og:url":"https:\/\/www.wolfgang-barina.de\/bdh\/?page_id=478","article:published_time":"2011-01-10T18:41:54+00:00","article:modified_time":"2024-06-08T05:55:41+00:00","twitter:card":"summary_large_image","twitter:title":"Bildende Kunst - Wolfgang Barina","twitter:description":"Museen, Galerien, Ausstellungr\u00e4ume, Vortr\u00e4ge, Ausbildung Ausstellunghalle Schulstra\u00dfe 1a Caricatura Museum Frankfurt Cellini-Gesellschaft Denkbar Frankfurt Freie Kunstakademie Frankfurt Eschborn K (Eschborn) Ausstellungsraum EULENGASSE Evangelische Stadtakademie Frankfurt (R\u00f6mer9) Galerie Zement Gallus-Theater Haus Giersch - Museum Regionaler Kunst Hugenottenhalle (Neu-Isenburg) J\u00fcdisches Museum Klosterpresse e.V. Kunstgeschichtliches Institut Frankfurt\/Main kunstkontakt frankfurt (...begleitet Sie zur Kunst und Kultur...) Kunstraum Bahnhof Mainkur Museum der Weltkulturen\/Galerie"},"aioseo_meta_data":{"post_id":"478","title":null,"description":null,"keywords":null,"keyphrases":{"focus":[],"additional":[]},"primary_term":null,"canonical_url":null,"og_title":null,"og_description":null,"og_object_type":"default","og_image_type":"default","og_image_url":null,"og_image_width":null,"og_image_height":null,"og_image_custom_url":null,"og_image_custom_fields":null,"og_video":null,"og_custom_url":null,"og_article_section":null,"og_article_tags":null,"twitter_use_og":false,"twitter_card":"default","twitter_image_type":"default","twitter_image_url":null,"twitter_image_custom_url":null,"twitter_image_custom_fields":null,"twitter_title":null,"twitter_description":null,"schema":{"blockGraphs":[],"customGraphs":[],"default":{"data":{"Article":[],"Course":[],"Dataset":[],"FAQPage":[],"Movie":[],"Person":[],"Product":[],"ProductReview":[],"Car":[],"Recipe":[],"Service":[],"SoftwareApplication":[],"WebPage":[]},"graphName":"","isEnabled":true},"graphs":[]},"schema_type":"default","schema_type_options":null,"pillar_content":false,"robots_default":true,"robots_noindex":false,"robots_noarchive":false,"robots_nosnippet":false,"robots_nofollow":false,"robots_noimageindex":false,"robots_noodp":false,"robots_notranslate":false,"robots_max_snippet":null,"robots_max_videopreview":null,"robots_max_imagepreview":"large","priority":null,"frequency":null,"local_seo":null,"breadcrumb_settings":null,"limit_modified_date":false,"ai":null,"created":"2024-11-06 09:18:33","updated":"2026-08-25 11:17:32","seo_analyzer_scan_date":null,"focus_keyword":null,"additional_keywords":null,"truseo_locale":null},"aioseo_breadcrumb":"<div class=\"aioseo-breadcrumbs\"><span class=\"aioseo-breadcrumb\">\n\t\t\t<a href=\"https:\/\/www.wolfgang-barina.de\/bdh\" title=\"Zu Hause\">Zu Hause<\/a>\n\t\t<\/span><span class=\"aioseo-breadcrumb-separator\">&raquo;<\/span><span class=\"aioseo-breadcrumb\">\n\t\t\t<a href=\"https:\/\/www.wolfgang-barina.de\/bdh\/?page_id=451\" title=\"Links\">Links<\/a>\n\t\t<\/span><span class=\"aioseo-breadcrumb-separator\">&raquo;<\/span><span class=\"aioseo-breadcrumb\">\n\t\t\tBildende Kunst\n\t\t<\/span><\/div>","aioseo_breadcrumb_json":[{"label":"Zu Hause","link":"https:\/\/www.wolfgang-barina.de\/bdh"},{"label":"Links","link":"https:\/\/www.wolfgang-barina.de\/bdh\/?page_id=451"},{"label":"Bildende Kunst","link":"https:\/\/www.wolfgang-barina.de\/bdh\/?page_id=478"}],"_links":{"self":[{"href":"https:\/\/www.wolfgang-barina.de\/bdh\/index.php?rest_route=\/wp\/v2\/pages\/478"}],"collection":[{"href":"https:\/\/www.wolfgang-barina.de\/bdh\/index.php?rest_route=\/wp\/v2\/pages"}],"about":[{"href":"https:\/\/www.wolfgang-barina.de\/bdh\/index.php?rest_route=\/wp\/v2\/types\/page"}],"author":[{"embeddable":true,"href":"https:\/\/www.wolfgang-barina.de\/bdh\/index.php?rest_route=\/wp\/v2\/users\/3"}],"replies":[{"embeddable":true,"href":"https:\/\/www.wolfgang-barina.de\/bdh\/index.php?rest_route=%2Fwp%2Fv2%2Fcomments&post=478"}],"version-history":[{"count":3,"href":"https:\/\/www.wolfgang-barina.de\/bdh\/index.php?rest_route=\/wp\/v2\/pages\/478\/revisions"}],"predecessor-version":[{"id":15444,"href":"https:\/\/www.wolfgang-barina.de\/bdh\/index.php?rest_route=\/wp\/v2\/pages\/478\/revisions\/15444"}],"up":[{"embeddable":true,"href":"https:\/\/www.wolfgang-barina.de\/bdh\/index.php?rest_route=\/wp\/v2\/pages\/451"}],"wp:attachment":[{"href":"https:\/\/www.wolfgang-barina.de\/bdh\/index.php?rest_route=%2Fwp%2Fv2%2Fmedia&parent=478"}],"wp:term":[{"taxonomy":"category","embeddable":true,"href":"https:\/\/www.wolfgang-barina.de\/bdh\/index.php?rest_route=%2Fwp%2Fv2%2Fcategories&post=478"},{"taxonomy":"post_tag","embeddable":true,"href":"https:\/\/www.wolfgang-barina.de\/bdh\/index.php?rest_route=%2Fwp%2Fv2%2Ftags&post=478"}],"curies":[{"name":"wp","href":"https:\/\/api.w.org\/{rel}","templated":true}]}}